{"id":2216,"date":"2019-10-10T14:37:02","date_gmt":"2019-10-10T12:37:02","guid":{"rendered":"http:\/\/aveyronamont.fr\/?page_id=2216"},"modified":"2020-11-17T15:25:04","modified_gmt":"2020-11-17T14:25:04","slug":"bilan-du-contrat-territorial-serene","status":"publish","type":"page","link":"https:\/\/aveyronamont.fr\/index.php\/bilan-du-contrat-territorial-serene\/","title":{"rendered":"Bassin de la Briane"},"content":{"rendered":"\n<p><strong><em>Bassin de la Briane&nbsp;: une dynamique impuls\u00e9e pour\nles 5 ann\u00e9es \u00e0 venir<\/em><\/strong><\/p>\n\n\n\n<p>Le bassin versant de la Briane, localis\u00e9 au sud-de\nl\u2019agglom\u00e9ration Ruth\u00e9noise et \u00e0 l\u2019ouest du Pays de Salars, est concern\u00e9 par\nplusieurs cours d\u2019eau dont l\u2019exutoire final est la rivi\u00e8re Aveyron au Monast\u00e8re\n(La Briane, le Ferrieu, le ruisseau d\u2019Ini\u00e8res, la Briannelle et La Garrigue\nnotamment).<\/p>\n\n\n\n<p>Sur ce territoire en contexte \u00e0 la fois rural et\np\u00e9ri-urbain, les milieux aquatiques sont soumis \u00e0 plusieurs pressions\n(assainissement, agricoles, hydromorphologiques&#8230;) qui font que les masses\nd\u2019eau concern\u00e9es n\u2019atteignent pas les objectifs de bon \u00e9tat \u00e9cologique fix\u00e9es\npar la r\u00e9glementation. Certes, les cours d\u2019eau sont globalement en\n\u00ab&nbsp;meilleure sant\u00e9&nbsp;\u00bb qu\u2019au d\u00e9but des ann\u00e9es 1990, mais la marge de\nprogr\u00e8s \u00e0 atteindre est encore importante.<\/p>\n\n\n\n<p>C\u2019est dans ce contexte, et \u00e0 l\u2019initiative du syndicat\nmixte du bassin versant Aveyron Amont (SMBV2A) dans son r\u00f4le d\u2019animateur du\ncontrat de rivi\u00e8re Aveyron Amont 2020-2024, qu\u2019un 1<sup>er<\/sup> comit\u00e9 de\npilotage Briane (COPIL) s\u2019est tenu r\u00e9cemment \u00e0 la salle des f\u00eates de Flavin.\nL\u2019objectif de la d\u00e9marche est de mettre autour de la table l\u2019ensemble des\nacteurs concern\u00e9s par la probl\u00e9matique et les enjeux de reconqu\u00eate\n(administrations, collectivit\u00e9s, repr\u00e9sentants du monde agricole, r\u00e9f\u00e9rents du\nmonde de la p\u00eache et de la protection des milieux aquatiques, etc&#8230;).<\/p>\n\n\n\n<p>Comme \u00e9voqu\u00e9 lors\nde la r\u00e9union, ce projet a vocation \u00e0 se d\u00e9rouler dans une dynamique de\n\u00ab&nbsp;gagnant \u2013 gagnant&nbsp;\u00bb. En effet, les actions qui seront mises en\n\u0153uvre devront contribuer \u00e0 pr\u00e9server les milieux aquatiques tout en maintenant\ndes activit\u00e9s \u00e9conomiques compatibles. Le projet s\u2019inscrit bien dans les\nr\u00e9glementations actuelles sans en cr\u00e9er de nouvelles. Pour illustrer le projet\n\u00e0 venir sur le bassin de la Briane, Michel Artus, pr\u00e9sident du SMBV2A, a\nexpliqu\u00e9 les actions men\u00e9es \u00e0 l\u2019ouest du d\u00e9partement, sur le bassin des\nSer\u00e8nes. A titre d\u2019exemple, il a \u00e9t\u00e9 \u00e9voqu\u00e9 la possibilit\u00e9 d\u2019accompagner les\nexploitants agricoles sur les probl\u00e9matiques d\u2019\u00e9rosion des sols avec tout un\npanel d\u2019actions&nbsp;: diagnostics \u00e9rosion-bocage, appuis \u00e0 l\u2019implantation de\nhaies, organisation de formations \u00e0 l\u2019agro-\u00e9cologie, aides financi\u00e8res \u00e0\nl\u2019investissement de mat\u00e9riel alternatif au travail du sol (semoirs directs,\nherses \u00e9trilles&#8230;), etc&#8230; <\/p>\n\n\n\n<p>Le projet ne fait\n\u00e0 ce jour que d\u00e9buter, ce qui n\u00e9cessite en premier lieu d\u2019am\u00e9liorer les\nconnaissances sur le fonctionnement du bassin versant, des activit\u00e9s pr\u00e9sentes,\ndes probl\u00e9matiques recens\u00e9es et des motivations des acteurs concern\u00e9s. En ce\nsens, une \u00e9tude typologique agricole est en cours de finalisation tandis que\ndes diagnostics agro-environnementaux seront propos\u00e9s dans les prochaines\nsemaines \u00e0 plusieurs exploitants agricoles dont les syst\u00e8mes sont\nrepr\u00e9sentatifs du territoire. Ces \u00e9tudes sont men\u00e9es par la chambre\nd\u2019agriculture de l\u2019Aveyron et l\u2019Adasea d\u2019Oc, avec des financements des\ncollectivit\u00e9s et de l\u2019Agence de l\u2019Eau Adour Garonne.<\/p>\n\n\n\n<p>Un nouveau point\nd\u2019\u00e9tape sur le projet interviendra donc en d\u00e9but d\u2019ann\u00e9e 2021.<\/p>\n\n\n\n<p>Pour tout\nrenseignement compl\u00e9mentaire sur ce projet, n\u2019h\u00e9sitez pas \u00e0 contacter M.\nVincent Lavergne, animateur espace rural au SMBV2A&nbsp;: 06.88.30.74.69 \u2013 <a href=\"mailto:vincent.lavergne@aveyronamont.fr\">vincent.lavergne@aveyronamont.fr<\/a><\/p>\n\n\n\n<p>Pour rappel, les\ncommunes concern\u00e9es pas le bassin de la Briane sont&nbsp;: Flavin,\nPont-de-Salars, Le Vibal (communaut\u00e9 de communes du Pays de Salars), et\nSainte-Radegonde, Luc-La-Primaube, Olemps et Le Monast\u00e8re (Rodez\nAgglom\u00e9ration).<\/p>\n\n\n\n<p>Le <a href=\"http:\/\/aveyronamont.fr\/wp-content\/uploads\/2020\/11\/CR_COPIL_Briane_26.10.2020_vd.pdf\" target=\"_blank\" rel=\"noreferrer noopener\" aria-label=\"compte rendu de la r\u00e9union (s\u2019ouvre dans un nouvel onglet)\">compte rendu de la r\u00e9union<\/a><br><\/p>\n","protected":false},"excerpt":{"rendered":"<p>Bassin de la Briane&nbsp;: une dynamique impuls\u00e9e pour les 5 ann\u00e9es \u00e0 venir Le bassin versant de la Briane, localis\u00e9 au sud-de l\u2019agglom\u00e9ration Ruth\u00e9noise et \u00e0 l\u2019ouest du Pays de Salars, est concern\u00e9 par plusieurs cours d\u2019eau dont l\u2019exutoire final est la rivi\u00e8re Aveyron au Monast\u00e8re (La Briane, le Ferrieu, le ruisseau d\u2019Ini\u00e8res, la Briannelle [&hellip;]<\/p>\n","protected":false},"author":1,"featured_media":0,"parent":0,"menu_order":0,"comment_status":"closed","ping_status":"closed","template":"","meta":{"ngg_post_thumbnail":0,"footnotes":""},"class_list":["post-2216","page","type-page","status-publish","hentry"],"yoast_head":"<!-- This site is optimized with the Yoast SEO plugin v27.4 - https:\/\/yoast.com\/product\/yoast-seo-wordpress\/ -->\n<title>Bassin de la Briane - SMBV2A<\/title>\n<meta name=\"robots\" content=\"index, follow, max-snippet:-1, max-image-preview:large, max-video-preview:-1\" \/>\n<link rel=\"canonical\" href=\"https:\/\/aveyronamont.fr\/index.php\/bilan-du-contrat-territorial-serene\/\" class=\"yoast-seo-meta-tag\" \/>\n<meta property=\"og:locale\" content=\"en_US\" class=\"yoast-seo-meta-tag\" \/>\n<meta property=\"og:type\" content=\"article\" class=\"yoast-seo-meta-tag\" \/>\n<meta property=\"og:title\" content=\"Bassin de la Briane - SMBV2A\" class=\"yoast-seo-meta-tag\" \/>\n<meta property=\"og:description\" content=\"Bassin de la Briane&nbsp;: une dynamique impuls\u00e9e pour les 5 ann\u00e9es \u00e0 venir Le bassin versant de la Briane, localis\u00e9 au sud-de l\u2019agglom\u00e9ration Ruth\u00e9noise et \u00e0 l\u2019ouest du Pays de Salars, est concern\u00e9 par plusieurs cours d\u2019eau dont l\u2019exutoire final est la rivi\u00e8re Aveyron au Monast\u00e8re (La Briane, le Ferrieu, le ruisseau d\u2019Ini\u00e8res, la Briannelle [&hellip;]\" class=\"yoast-seo-meta-tag\" \/>\n<meta property=\"og:url\" content=\"https:\/\/aveyronamont.fr\/index.php\/bilan-du-contrat-territorial-serene\/\" class=\"yoast-seo-meta-tag\" \/>\n<meta property=\"og:site_name\" content=\"SMBV2A\" class=\"yoast-seo-meta-tag\" \/>\n<meta property=\"article:modified_time\" content=\"2020-11-17T14:25:04+00:00\" class=\"yoast-seo-meta-tag\" \/>\n<meta name=\"twitter:card\" content=\"summary_large_image\" class=\"yoast-seo-meta-tag\" \/>\n<meta name=\"twitter:label1\" content=\"Est. reading time\" class=\"yoast-seo-meta-tag\" \/>\n\t<meta name=\"twitter:data1\" content=\"3 minutes\" class=\"yoast-seo-meta-tag\" \/>\n<script type=\"application\/ld+json\" class=\"yoast-schema-graph\">{\"@context\":\"https:\\\/\\\/schema.org\",\"@graph\":[{\"@type\":\"WebPage\",\"@id\":\"https:\\\/\\\/aveyronamont.fr\\\/index.php\\\/bilan-du-contrat-territorial-serene\\\/\",\"url\":\"https:\\\/\\\/aveyronamont.fr\\\/index.php\\\/bilan-du-contrat-territorial-serene\\\/\",\"name\":\"Bassin de la Briane - SMBV2A\",\"isPartOf\":{\"@id\":\"https:\\\/\\\/aveyronamont.fr\\\/#website\"},\"datePublished\":\"2019-10-10T12:37:02+00:00\",\"dateModified\":\"2020-11-17T14:25:04+00:00\",\"breadcrumb\":{\"@id\":\"https:\\\/\\\/aveyronamont.fr\\\/index.php\\\/bilan-du-contrat-territorial-serene\\\/#breadcrumb\"},\"inLanguage\":\"en-US\",\"potentialAction\":[{\"@type\":\"ReadAction\",\"target\":[\"https:\\\/\\\/aveyronamont.fr\\\/index.php\\\/bilan-du-contrat-territorial-serene\\\/\"]}]},{\"@type\":\"BreadcrumbList\",\"@id\":\"https:\\\/\\\/aveyronamont.fr\\\/index.php\\\/bilan-du-contrat-territorial-serene\\\/#breadcrumb\",\"itemListElement\":[{\"@type\":\"ListItem\",\"position\":1,\"name\":\"Accueil\",\"item\":\"https:\\\/\\\/aveyronamont.fr\\\/\"},{\"@type\":\"ListItem\",\"position\":2,\"name\":\"Bassin de la Briane\"}]},{\"@type\":\"WebSite\",\"@id\":\"https:\\\/\\\/aveyronamont.fr\\\/#website\",\"url\":\"https:\\\/\\\/aveyronamont.fr\\\/\",\"name\":\"SMBV2A\",\"description\":\"BASSIN VERSANT AVEYRON AMONT\",\"potentialAction\":[{\"@type\":\"SearchAction\",\"target\":{\"@type\":\"EntryPoint\",\"urlTemplate\":\"https:\\\/\\\/aveyronamont.fr\\\/?s={search_term_string}\"},\"query-input\":{\"@type\":\"PropertyValueSpecification\",\"valueRequired\":true,\"valueName\":\"search_term_string\"}}],\"inLanguage\":\"en-US\"}]}<\/script>\n<!-- \/ Yoast SEO plugin. -->","yoast_head_json":{"title":"Bassin de la Briane - SMBV2A","robots":{"index":"index","follow":"follow","max-snippet":"max-snippet:-1","max-image-preview":"max-image-preview:large","max-video-preview":"max-video-preview:-1"},"canonical":"https:\/\/aveyronamont.fr\/index.php\/bilan-du-contrat-territorial-serene\/","og_locale":"en_US","og_type":"article","og_title":"Bassin de la Briane - SMBV2A","og_description":"Bassin de la Briane&nbsp;: une dynamique impuls\u00e9e pour les 5 ann\u00e9es \u00e0 venir Le bassin versant de la Briane, localis\u00e9 au sud-de l\u2019agglom\u00e9ration Ruth\u00e9noise et \u00e0 l\u2019ouest du Pays de Salars, est concern\u00e9 par plusieurs cours d\u2019eau dont l\u2019exutoire final est la rivi\u00e8re Aveyron au Monast\u00e8re (La Briane, le Ferrieu, le ruisseau d\u2019Ini\u00e8res, la Briannelle [&hellip;]","og_url":"https:\/\/aveyronamont.fr\/index.php\/bilan-du-contrat-territorial-serene\/","og_site_name":"SMBV2A","article_modified_time":"2020-11-17T14:25:04+00:00","twitter_card":"summary_large_image","twitter_misc":{"Est. reading time":"3 minutes"},"schema":{"@context":"https:\/\/schema.org","@graph":[{"@type":"WebPage","@id":"https:\/\/aveyronamont.fr\/index.php\/bilan-du-contrat-territorial-serene\/","url":"https:\/\/aveyronamont.fr\/index.php\/bilan-du-contrat-territorial-serene\/","name":"Bassin de la Briane - SMBV2A","isPartOf":{"@id":"https:\/\/aveyronamont.fr\/#website"},"datePublished":"2019-10-10T12:37:02+00:00","dateModified":"2020-11-17T14:25:04+00:00","breadcrumb":{"@id":"https:\/\/aveyronamont.fr\/index.php\/bilan-du-contrat-territorial-serene\/#breadcrumb"},"inLanguage":"en-US","potentialAction":[{"@type":"ReadAction","target":["https:\/\/aveyronamont.fr\/index.php\/bilan-du-contrat-territorial-serene\/"]}]},{"@type":"BreadcrumbList","@id":"https:\/\/aveyronamont.fr\/index.php\/bilan-du-contrat-territorial-serene\/#breadcrumb","itemListElement":[{"@type":"ListItem","position":1,"name":"Accueil","item":"https:\/\/aveyronamont.fr\/"},{"@type":"ListItem","position":2,"name":"Bassin de la Briane"}]},{"@type":"WebSite","@id":"https:\/\/aveyronamont.fr\/#website","url":"https:\/\/aveyronamont.fr\/","name":"SMBV2A","description":"BASSIN VERSANT AVEYRON AMONT","potentialAction":[{"@type":"SearchAction","target":{"@type":"EntryPoint","urlTemplate":"https:\/\/aveyronamont.fr\/?s={search_term_string}"},"query-input":{"@type":"PropertyValueSpecification","valueRequired":true,"valueName":"search_term_string"}}],"inLanguage":"en-US"}]}},"_links":{"self":[{"href":"https:\/\/aveyronamont.fr\/index.php\/wp-json\/wp\/v2\/pages\/2216","targetHints":{"allow":["GET"]}}],"collection":[{"href":"https:\/\/aveyronamont.fr\/index.php\/wp-json\/wp\/v2\/pages"}],"about":[{"href":"https:\/\/aveyronamont.fr\/index.php\/wp-json\/wp\/v2\/types\/page"}],"author":[{"embeddable":true,"href":"https:\/\/aveyronamont.fr\/index.php\/wp-json\/wp\/v2\/users\/1"}],"replies":[{"embeddable":true,"href":"https:\/\/aveyronamont.fr\/index.php\/wp-json\/wp\/v2\/comments?post=2216"}],"version-history":[{"count":6,"href":"https:\/\/aveyronamont.fr\/index.php\/wp-json\/wp\/v2\/pages\/2216\/revisions"}],"predecessor-version":[{"id":2414,"href":"https:\/\/aveyronamont.fr\/index.php\/wp-json\/wp\/v2\/pages\/2216\/revisions\/2414"}],"wp:attachment":[{"href":"https:\/\/aveyronamont.fr\/index.php\/wp-json\/wp\/v2\/media?parent=2216"}],"curies":[{"name":"wp","href":"https:\/\/api.w.org\/{rel}","templated":true}]}}